{"id":494,"date":"2023-09-10T18:06:21","date_gmt":"2023-09-10T16:06:21","guid":{"rendered":"https:\/\/zentralschweiz.net\/kleinanzeigen\/?post_type=rtcl_listing&#038;p=494"},"modified":"2024-02-20T11:17:18","modified_gmt":"2024-02-20T10:17:18","slug":"schwarzes-leder-designer-sofa","status":"publish","type":"rtcl_listing","link":"https:\/\/zentralschweiz.net\/inserate\/?rtcl_listing=schwarzes-leder-designer-sofa","title":{"rendered":"Schwarzes Designer Ledersofa"},"content":{"rendered":"<p>Wenig gebrauchtes, schwarzes designer Ledersofa mit den Massen:<\/p>\n<p>225 cm breit und 105 cm tief. Die Sitzfl\u00e4che ist ca. 140 cm breit. H\u00f6he der Sitzfl\u00e4che 40 cm.<\/p>\n<p>Habe das Sofa von einer sehr guten Freundin geschenkt bekommen und es w\u00e4re angedacht gewesen, dieses in die neue Wohnung zu nehmen jedoch kommen immer wieder weitere Unbekannte ins Spiel und die neue Wohnung muss auch noch etwas warten, daher m\u00f6chte ich das Sofa nun verkaufen.<\/p>\n<p>Das Sofa ist nun mittlerweile schon ein paar Jahre im Lager. Es w\u00e4re sch\u00f6n, wenn dieses Sofa wieder jemandem freude bereiten k\u00f6nnte und genutzt wird, meine Freundin hat es nur sehr wenig gebraucht.<\/p>\n","protected":false},"author":2,"comment_status":"closed","ping_status":"closed","template":"","_links":{"self":[{"href":"https:\/\/zentralschweiz.net\/inserate\/index.php?rest_route=\/wp\/v2\/rtcl_listing\/494"}],"collection":[{"href":"https:\/\/zentralschweiz.net\/inserate\/index.php?rest_route=\/wp\/v2\/rtcl_listing"}],"about":[{"href":"https:\/\/zentralschweiz.net\/inserate\/index.php?rest_route=\/wp\/v2\/types\/rtcl_listing"}],"author":[{"embeddable":true,"href":"https:\/\/zentralschweiz.net\/inserate\/index.php?rest_route=\/wp\/v2\/users\/2"}],"replies":[{"embeddable":true,"href":"https:\/\/zentralschweiz.net\/inserate\/index.php?rest_route=%2Fwp%2Fv2%2Fcomments&post=494"}],"wp:attachment":[{"href":"https:\/\/zentralschweiz.net\/inserate\/index.php?rest_route=%2Fwp%2Fv2%2Fmedia&parent=494"}],"curies":[{"name":"wp","href":"https:\/\/api.w.org\/{rel}","templated":true}]}}